{"id":3990,"date":"2025-03-20T17:10:20","date_gmt":"2025-03-20T17:10:20","guid":{"rendered":"https:\/\/www.gabriele-engelhardt.com\/a-propos-de"},"modified":"2026-02-24T12:22:01","modified_gmt":"2026-02-24T12:22:01","slug":"a-propos-de","status":"publish","type":"page","link":"https:\/\/www.gabriele-engelhardt.com\/fr\/a-propos-de","title":{"rendered":"Bio"},"content":{"rendered":"\t\t<div data-elementor-type=\"wp-page\" data-elementor-id=\"3990\" class=\"elementor elementor-3990 elementor-2604\" data-elementor-post-type=\"page\">\n\t\t\t\t<div class=\"elementor-element elementor-element-aff4940 e-flex e-con-boxed e-con e-parent\" data-id=\"aff4940\" data-element_type=\"container\" data-e-type=\"container\">\n\t\t\t\t\t<div class=\"e-con-inner\">\n\t\t<div class=\"elementor-element elementor-element-aec6850 e-con-full e-flex e-con e-child\" data-id=\"aec6850\" data-element_type=\"container\" data-e-type=\"container\">\n\t\t\t\t<div class=\"elementor-element elementor-element-e03ca71 elementor-widget elementor-widget-text-editor\" data-id=\"e03ca71\" data-element_type=\"widget\" data-e-type=\"widget\" data-widget_type=\"text-editor.default\">\n\t\t\t\t<div class=\"elementor-widget-container\">\n\t\t\t\t\t\t\t\t\t<p>Gabriele Engelhardt vit \u00e0 Karlsruhe et travaille sur les sites de ses projets artistiques changeants. Sculpteur et photographe, elle cr\u00e9e ses \u0153uvres en combinant les deux m\u00e9dias. Les mati\u00e8res premi\u00e8res et les mat\u00e9riaux recycl\u00e9s sont au c\u0153ur de ses pr\u00e9occupations. La mod\u00e9lisation et le collage de donn\u00e9es num\u00e9riques constituent la base de son exploration de la mani\u00e8re dont l'espace et la plasticit\u00e9 peuvent \u00eatre repr\u00e9sent\u00e9s sur une surface bidimensionnelle.   <\/p>\t\t\t\t\t\t\t\t<\/div>\n\t\t\t\t<\/div>\n\t\t\t\t<div class=\"elementor-element elementor-element-698e4ca elementor-widget elementor-widget-text-editor\" data-id=\"698e4ca\" data-element_type=\"widget\" data-e-type=\"widget\" data-widget_type=\"text-editor.default\">\n\t\t\t\t<div class=\"elementor-widget-container\">\n\t\t\t\t\t\t\t\t\t<p><strong>\u00c9tudes d'arts m\u00e9diatiques, de photographie &amp; de sc\u00e9nographie<\/strong><br \/>Hochschule f\u00fcr Gestaltung, Karlsruhe (HfG)<br \/>Lois Renner, Mischa Kuball, Christopher Muller, Michael Simon, Johannes Milla<\/p><p>\u00a0<\/p><p><strong>\u00c9tudes de sculpture<\/strong><br \/>Acad\u00e9mie nationale des Beaux-Arts, Stuttgart (ABK)<\/p><p>Werner Pokorny, Micha Ullman<\/p>\t\t\t\t\t\t\t\t<\/div>\n\t\t\t\t<\/div>\n\t\t\t\t<div class=\"elementor-element elementor-element-8754a81 elementor-widget elementor-widget-text-editor\" data-id=\"8754a81\" data-element_type=\"widget\" data-e-type=\"widget\" data-widget_type=\"text-editor.default\">\n\t\t\t\t<div class=\"elementor-widget-container\">\n\t\t\t\t\t\t\t\t\t<p><strong>Prix et bourses<\/strong><\/p><p>2026\u00a0 \u00a0 \u00a0Nomination pour Prix Georg Koppmann pour la photographie urbaine Hambourg<\/p><p>2025\u00a0 \u00a0 \u00a0Bourse pour la photographie, Foundation Britta Bihlmaier, Stuttgart<\/p><p>2024\u00a0 \u00a0 \u00a0Nomination pour le Emerging Photographer Award,<\/p><p>\u00a0 \u00a0 \u00a0 \u00a0 \u00a0 \u00a0 \u00a0 \u00a0Soci\u00e9t\u00e9 allemande de photographie (DGPh)<br \/>2023\u00a0 \u00a0 \u00a0Promotion de catalogues, Fondation Kunstfonds<br \/>2022\u00a0 \u00a0 \u00a0Prix artistique de la ville de Weissenburg, 1er prix<br \/>2021\u00a0 \u00a0 \u00a0 Promotion de publications, Fondation des caisses d'\u00e9pargne<\/p><p>\u00a0 \u00a0 \u00a0 \u00a0 \u00a0 \u00a0 \u00a0 \u00a0S\u00fcdliche Weinsta\u00dfe<br \/>2021\u00a0 \u00a0 \u00a0 Bourse de projet I &amp; II, Minist\u00e8re des Sciences<\/p><p>\u00a0 \u00a0 \u00a0 \u00a0 \u00a0 \u00a0 \u00a0 et des Arts, Bade-Wurtemberg<br \/>2021\u00a0 \u00a0 \u00a0 Neustart Kultur, Minist\u00e8re f\u00e9d\u00e9ral de la Culture<\/p><p>\u00a0 \u00a0 \u00a0 \u00a0 \u00a0 \u00a0 \u00a0 et des M\u00e9dias du gouvernement f\u00e9d\u00e9ral allemand<\/p><p>2018\u00a0 \u00a0 \u00a0Nomination pour le Felix Schoeller Photo Award,<\/p><p>\u00a0 \u00a0 \u00a0 \u00a0 \u00a0 \u00a0 \u00a0 Cat\u00e9gorie \u00ab\u00a0Travail libre\u00a0\u00bb<br \/>2016\u00a0 \u00a0 \u00a0 Concours de photographie de la ville de Kehl,<\/p><p>\u00a0 \u00a0 \u00a0 \u00a0 \u00a0 \u00a0 \u00a0 1\u00e8re place, (Cat.)<br \/>2006\u00a0 \u00a0 Prix des Arts du Rotary, Fondation Entente\u00a0 \u00a0 \u00a0 \u00a0 \u00a0 \u00a0 \u00a0 \u00a0 \u00a0 \u00a0 \u00a0 \u00a0 \u00a0 \u00a0<\/p><p>\u00a0 \u00a0 \u00a0 \u00a0 \u00a0 \u00a0 \u00a0 Franco-Allemande, Strasbourg<br \/>2006\u00a0 \u00a0 Prix artistique Pamina de la ville d'Ettlingen,<\/p><p>\u00a0 \u00a0 \u00a0 \u00a0 \u00a0 \u00a0 \u00a0 1\u00e8re place (Cat.)<\/p><p>2005\u00a0 \u00a0 Photo Epson Award, Epson Allemagne (cat.)<br \/>1999\u00a0 \u00a0 \u00a0Bourse Heinrich Hertz de l'Universit\u00e9<\/p><p>\u00a0 \u00a0 \u00a0 \u00a0 \u00a0 \u00a0 \u00a0 de Karlsruhe\u00a0\u00a0 \u00a0\u00a0<\/p>\t\t\t\t\t\t\t\t<\/div>\n\t\t\t\t<\/div>\n\t\t\t\t<div class=\"elementor-element elementor-element-edd8e75 elementor-widget elementor-widget-text-editor\" data-id=\"edd8e75\" data-element_type=\"widget\" data-e-type=\"widget\" data-widget_type=\"text-editor.default\">\n\t\t\t\t<div class=\"elementor-widget-container\">\n\t\t\t\t\t\t\t\t\t<p><strong>Artiste en r\u00e9sidence\/ national et international<\/strong><\/p><p>2023\u00a0 \u00a0 \u00a0Artiste en r\u00e9sidence, Salzamt Linz,<\/p><p>\u00a0 \u00a0 \u00a0 \u00a0 \u00a0 \u00a0 \u00a0 die KUNSTsammlung Ober\u00f6sterreich (AT)<br \/>2022\u00a0 \u00a0 Artiste en r\u00e9sidence, Fondation Bartels, B\u00e2le (CH)<br \/>2021\u00a0 \u00a0 \u00a0AIR _ Artiste en r\u00e9sidence, Kunstmeile Krems,\u00a0<\/p><p>\u00a0 \u00a0 \u00a0 \u00a0 \u00a0 \u00a0 \u00a0 Basse-Autriche (AT)<br \/>2021\u00a0 \u00a0 \u00a0Artiste en r\u00e9sidence, Kloster Dornach (CH)<br \/>2020\u00a0 \u00a0 Bourse de r\u00e9sidence du Land de Rh\u00e9nanie-Palatinat,\u00a0<\/p><p>\u00a0 \u00a0 \u00a0 \u00a0 \u00a0 \u00a0 \u00a0 Fondation Rh\u00e9nanie-Palatinat pour la culture,<\/p><p>\u00a0 \u00a0 \u00a0 \u00a0 \u00a0 \u00a0 \u00a0 K\u00fcnstlerhaus Edenkoben<br \/>1998 - 2000 Artiste en r\u00e9sidence, Chapungu Sculpture\u00a0 \u00a0 \u00a0 \u00a0 \u00a0 \u00a0 \u00a0 \u00a0<\/p><p>\u00a0 \u00a0 \u00a0 \u00a0 \u00a0 \u00a0 \u00a0Garden, Harare (ZW)<\/p>\t\t\t\t\t\t\t\t<\/div>\n\t\t\t\t<\/div>\n\t\t\t\t<div class=\"elementor-element elementor-element-dfba29a elementor-widget elementor-widget-text-editor\" data-id=\"dfba29a\" data-element_type=\"widget\" data-e-type=\"widget\" data-widget_type=\"text-editor.default\">\n\t\t\t\t<div class=\"elementor-widget-container\">\n\t\t\t\t\t\t\t\t\t<p><strong>Expositions individuelles<\/strong><\/p><p>2026\u00a0 \u00a0 Art dans l'espace public, Port Autonome Strasbourg (PAS)<\/p><p>2025\u00a0 \u00a0 Kehler Berge, Photographie dans l'espace public,<\/p><p>\u00a0 \u00a0 \u00a0 \u00a0 \u00a0 \u00a0 \u00a0 Ville de Kehl <br \/>2024\u00a0 \u00a0 Kunsthalle Krems, Kremser Berge ; (AT)<br \/>2023\u00a0 \u00a0 Deutsche Fotografische Akademie (DFA),\u00a0 \u00a0 \u00a0 \u00a0 \u00a0 \u00a0 \u00a0 \u00a0 \u00a0 \u00a0 \u00a0 \u00a0 \u00a0 \u00a0 \u00a0 \u00a0<\/p><p>\u00a0 \u00a0 \u00a0 \u00a0 \u00a0 \u00a0 \u00a0 Pr\u00e9sentation du portfolio, Zeughaus Mannheim<br \/>2023\u00a0 \u00a0 Rencontres Photographiques de Boulogne-\u00a0 \u00a0 \u00a0 \u00a0 \u00a0 \u00a0 \u00a0 \u00a0 \u00a0 \u00a0 \u00a0 \u00a0 \u00a0<\/p><p>\u00a0 \u00a0 \u00a0 \u00a0 \u00a0 \u00a0 \u00a0 Billancourt, Pr\u00e9sentation du portfolio, Paris<br \/>2021\u00a0 \u00a0 \u00a0Kunstverein Baden, Vienne, transform ; (AT)<br \/>2021\u00a0 \u00a0 \u00a0Ludwig Museum Koblenz, GAWINA (cat.)<br \/>2016\u00a0 \u00a0 \u00a0Concours de photographie de la ville<\/p><p>\u00a0 \u00a0 \u00a0 \u00a0 \u00a0 \u00a0 \u00a0de Kehl, 1er prix\u00a0 (Cat.)<br \/>2004\u00a0 \u00a0 Centre d'art et des m\u00e9dias (ZKM) Karlsruhe,\u00a0 \u00a0 \u00a0 \u00a0 \u00a0 \u00a0 \u00a0 \u00a0 \u00a0<\/p><p>\u00a0 \u00a0 \u00a0 \u00a0 \u00a0 \u00a0 \u00a0 Istanbul Crescendo; pi\u00e8ce de th\u00e9\u00e2tre sonore et<\/p><p>\u00a0 \u00a0 \u00a0 \u00a0 \u00a0 \u00a0 \u00a0 m\u00e9diatique interactive en collaboration avec\u00a0<\/p><p>\u00a0 \u00a0 \u00a0 \u00a0 \u00a0 \u00a0 \u00a0 Werner Cee (Hessischer Rundfunk)<\/p>\t\t\t\t\t\t\t\t<\/div>\n\t\t\t\t<\/div>\n\t\t\t\t<div class=\"elementor-element elementor-element-ff4ed61 elementor-widget elementor-widget-text-editor\" data-id=\"ff4ed61\" data-element_type=\"widget\" data-e-type=\"widget\" data-widget_type=\"text-editor.default\">\n\t\t\t\t<div class=\"elementor-widget-container\">\n\t\t\t\t\t\t\t\t\t<p><strong>Expositions de groupe<\/strong><\/p><p>2026\u00a0 \u00a0 Triennale de Rh\u00e9nanie-Palatinat, Trier<\/p><p>2025\u00a0 \u00a0 \u00a0Staatliche Kunsthalle Baden-Baden,<\/p><p>\u00a0 \u00a0 \u00a0 \u00a0 \u00a0 \u00a0 \u00a0 \u00a0m\u00eame lieu, autre temps<br \/>2025\u00a0 \u00a0 \u00a0f\u00b2 Fotofestival, K\u00fcnstlerhaus Dortmund<\/p><p>2024\u00a0 \u00a0 \u00a0Staatsgalerie Stuttgart, Espace pour la photographie,<\/p><p>\u00a0 \u00a0 \u00a0 \u00a0 \u00a0 \u00a0 \u00a0 Transformation<br \/>2024\u00a0 \u00a0 \u00a0Pfalzgalerie Kaiserslautern, Prix Pfalz 2024<br \/>2024\u00a0 \u00a0 \u00a0Kunstverein Wesseling, Prix artistique de<\/p><p>\u00a0 \u00a0 \u00a0 \u00a0 \u00a0 \u00a0 \u00a0 \u00a0la Ville de Wesseling<\/p><p>2022\u00a0 \u00a0 \u00a0St\u00e4dtische Galerie, Weil am Rhein,<\/p><p>\u00a0 \u00a0 \u00a0 \u00a0 \u00a0 \u00a0 \u00a0 Mapping, Regionale 23<br \/>2022\u00a0 \u00a0 \u00a0Kunstschranne Wei\u00dfenburg,<\/p><p>\u00a0 \u00a0 \u00a0 \u00a0 \u00a0 \u00a0 \u00a0 \u00a0Prix artistique, 1er prix<br \/>2022\u00a0 \u00a0 \u00a0Capitale europ\u00e9enne de la culture Kaunas,<\/p><p>\u00a0 \u00a0 \u00a0 \u00a0 \u00a0 \u00a0 \u00a0 \u00a0Bureau de poste principal (LT)<\/p><p>2021\u00a0 \u00a0 \u00a0 Ostrale 21, Biennale d'art contemporain, Dresde<\/p><p>2019\u00a0 \u00a0 \u00a0 T66, Freiburg, Regionale 20<br \/>2019\u00a0 \u00a0 \u00a0 K\u00fcnstlerhaus Karlsruhe, Postdigital, exposition\u00a0 \u00a0 \u00a0 \u00a0 \u00a0 \u00a0 \u00a0 \u00a0 \u00a0 \u00a0<\/p><p>\u00a0 \u00a0 \u00a0 \u00a0 \u00a0 \u00a0 \u00a0 \u00a0nationale de l'association f\u00e9d\u00e9rale des artistes<\/p><p>\u00a0 \u00a0 \u00a0 \u00a0 \u00a0 \u00a0 \u00a0 \u00a0plasticiens (BBK\/ Cat.)<\/p><p>2018\u00a0 \u00a0 \u00a0 Journ\u00e9es de la photographie de Darmstadt,<\/p><p>\u00a0 \u00a0 \u00a0 \u00a0 \u00a0 \u00a0 \u00a0 Perspectives (cat.)<\/p><p>2015\u00a0 \u00a0 \u00a0 CCI-Strasbourg, Collection Prix des Arts (F)<\/p><p>2013\u00a0 \u00a0 \u00a0 Barth Gallery, New York, _zur form - (USA)<\/p><p>2012\u00a0 \u00a0 \u00a0 Coll\u00e8ge scientifique Hanse, Lehmkuhlenbusch\u00a0 \u00a0 \u00a0 \u00a0 \u00a0 \u00a0 \u00a0 \u00a0 \u00a0 \u00a0<\/p><p>\u00a0 \u00a0 \u00a0 \u00a0 \u00a0 \u00a0 \u00a0 \u00a0Delmenhorst, _zur form<\/p><p>2011\u00a0 \u00a0 \u00a0 The Prague Contemporary Art Festival<\/p><p>\u00a0 \u00a0 \u00a0 \u00a0 \u00a0 \u00a0 \u00a0 TINA B. (Cat.); S\u00e9rie d'expositions Prague (CZ),\u00a0 \u00a0 \u00a0 \u00a0 \u00a0 \u00a0 \u00a0 \u00a0 \u00a0 \u00a0 \u00a0<\/p><p>\u00a0 \u00a0 \u00a0 \u00a0 \u00a0 \u00a0 \u00a0 \u00a0Vicenza (IT) , Varsovie (PL), Leipzig (GER)\u00a0 \u00a0 \u00a0 \u00a0 \u00a0<br \/>2011\u00a0 \u00a0 \u00a0 \u00a0Art et science - Les nouveaux m\u00e9dias font sens<br \/>\u00a0 \u00a0 \u00a0 \u00a0 \u00a0 \u00a0 \u00a0 \u00a0Minist\u00e8re des Sciences et des Arts,<\/p><p>\u00a0 \u00a0 \u00a0 \u00a0 \u00a0 \u00a0 \u00a0 \u00a0Wiesbaden (Cat.)<\/p><p>2010\u00a0 \u00a0 \u00a0 Salle de projet Serexhe, Karlsruhe, 61qm en<\/p><p>\u00a0 \u00a0 \u00a0 \u00a0 \u00a0 \u00a0 \u00a0 \u00a0collaboration avec Wolf Gutjahr <a href=\"https:\/\/wolfgutjahr.de\/\">https:\/\/wolfgutjahr.de\/<\/a><\/p><p>2009\u00a0 \u00a0 \u00a0Convengo \u00ab\u00a0Mathematica e Cultura 2009,<\/p><p>\u00a0 \u00a0 \u00a0 \u00a0 \u00a0 \u00a0 \u00a0 \u00a0_zur form, Venise, (IT)<\/p><p>2008\u00a0 \u00a0 \u00a0Kibla, Centre d'art m\u00e9diatique, Maribor,<\/p><p>\u00a0 \u00a0 \u00a0 \u00a0 \u00a0 \u00a0 \u00a0 \u00a0Areas of Conflu(x)ence,\u00a0 avec Florian Grond (SLO)<\/p><p>2007\u00a0 \u00a0 \u00a0 Global Eyes Art Gallery, Siggraph,<\/p><p>\u00a0 \u00a0 \u00a0 \u00a0 \u00a0 \u00a0 \u00a0 \u00a0San Diego (\u00c9tats-Unis)<\/p><p>2006\u00a0 \u00a0 \u00a0CCI, Saint-Louis, Ici et les autres, (FR)<br \/>2006\u00a0 \u00a0 \u00a0CCI Strasbourg, Ici et les autres,<br \/>\u00a0 \u00a0 \u00a0 \u00a0 \u00a0 \u00a0 \u00a0 10e Concours du Prix des Arts du<\/p><p>\u00a0 \u00a0 \u00a0 \u00a0 \u00a0 \u00a0 \u00a0 \u00a0Rotary Club, (FR)<br \/>2006\u00a0 \u00a0 \u00a0Institut Goethe de Rotterdam,Photography in<\/p><p>\u00a0 \u00a0 \u00a0 \u00a0 \u00a0 \u00a0 \u00a0 \u00a0the mirror of painting (NL)<br \/>2006\u00a0 \u00a0 \u00a0Photobiennale Istanbul (TR)<\/p><p>2006\u00a0 \u00a0 \u00a0Galerie municipale d'Ettlingen, Pamina-Kunstpreis,<\/p><p>\u00a0 \u00a0 \u00a0 \u00a0 \u00a0 \u00a0 \u00a0 1\u00e8re place (cat.)<br \/>2006\u00a0 \u00a0 \u00a0Art Cologne, Epson Art Photo Award,<\/p><p>\u00a0 \u00a0 \u00a0 \u00a0 \u00a0 \u00a0 \u00a0 \u00a0Cologne (Cat.)<\/p><p>2004\u00a0 \u00a0 \u00a0Galerie des Beaux Arts, L\u00e0, c&rsquo; est partout,<\/p><p>\u00a0 \u00a0 \u00a0 \u00a0 \u00a0 \u00a0 \u00a0 \u00a0Rouen (FR)<br \/>2004\u00a0 \u00a0 \u00a0Galerie de la Ville de Backnang, Lois Renner et la\u00a0 \u00a0 \u00a0 \u00a0 \u00a0 \u00a0 \u00a0 \u00a0 \u00a0<\/p><p>\u00a0 \u00a0 \u00a0 \u00a0 \u00a0 \u00a0 \u00a0 \u00a0Hochschule f\u00fcr Gestaltung, (Cat.)<br \/>2004\u00a0 \u00a0 \u00a0Museum Ettlingen, Absolventinnen der<\/p><p>\u00a0 \u00a0 \u00a0 \u00a0 \u00a0 \u00a0 \u00a0 \u00a0HfG Karlsruhe<\/p><p>2004\u00a0 \u00a0 \u00a0Kunststiftung Baden-W\u00fcrttemberg,<\/p><p>\u00a0 \u00a0 \u00a0 \u00a0 \u00a0 \u00a0 \u00a0 \u00a0Lokaltermin, Stuttgart<br \/>2004\u00a0 \u00a0 \u00a0Kunstverein Viernheim, \u00ab\u00a0fuenf\u00a0\u00bb<br \/>2004\u00a0 \u00a0 \u00a0Galerie f\u00fcr zeitgen\u00f6ssische Kunst_Raum2,<br \/>\u00a0 \u00a0 \u00a0 \u00a0 \u00a0 \u00a0 \u00a0 \u00a0K\u00fcnstlerische Fotografie, Mannheim<br \/>2004\u00a0 \u00a0 \u00a0St\u00e4dtische Galerie Ettlingen, Repr\u00e9sentation<\/p><p>\u00a0 \u00a0 \u00a0 \u00a0 \u00a0 \u00a0 \u00a0 \u00a0contemporaine de le paysage en photographie<\/p><p>\u00a0 \u00a0 \u00a0 \u00a0 \u00a0 \u00a0 \u00a0 \u00a0et en peinture (Cat.)<\/p><p>2003\u00a0 \u00a0 \u00a0Orgelfabrik Durlach, minutes only, performance<br \/>2003\u00a0 \u00a0 \u00a0Centre pour les arts appliqu\u00e9s<\/p><p>\u00a0 \u00a0 \u00a0 \u00a0 \u00a0 \u00a0 \u00a0 \u00a0(ZAK), Karlsruhe<\/p><p>2001\u00a0 \u00a0 \u00a0 Galerie im Kornhauskeller, &#8230; und tsch\u00fcss !, Ulm<br \/>2001\u00a0 \u00a0 \u00a0 Gare centrale de Stuttgart, Expressgut, exposition<\/p><p>\u00a0 \u00a0 \u00a0 \u00a0 \u00a0 \u00a0 \u00a0 \u00a0des \u00e9tudiants\u00a0 de l'Acad\u00e9mie des Beaux-Arts de Stuttgart,<\/p><p>\u00a0 \u00a0 \u00a0 \u00a0 \u00a0 \u00a0 \u00a0 \u00a0Classe Micha Ullman<\/p><p>2000\u00a0 \u00a0 \u00a0Kunstverein Baden-Baden, Art en prison (Cat.)<\/p><p>1998\u00a0 \u00a0 \u00a0 National Gallery Harare, Sculpture and<\/p><p>\u00a0 \u00a0 \u00a0 \u00a0 \u00a0 \u00a0 \u00a0 \u00a0photography, (ZW)<\/p>\t\t\t\t\t\t\t\t<\/div>\n\t\t\t\t<\/div>\n\t\t\t\t<\/div>\n\t\t<div class=\"elementor-element elementor-element-fbb7bdf e-con-full e-flex e-con e-child\" data-id=\"fbb7bdf\" data-element_type=\"container\" data-e-type=\"container\">\n\t\t\t\t<div class=\"elementor-element elementor-element-2370d33 elementor-widget elementor-widget-text-editor\" data-id=\"2370d33\" data-element_type=\"widget\" data-e-type=\"widget\" data-widget_type=\"text-editor.default\">\n\t\t\t\t<div class=\"elementor-widget-container\">\n\t\t\t\t\t\t\t\t\t<p>Gabriele Engelhardt lives in Karlsruhe and works at the locations of her changing artistic projects. As a sculptor and photographer, she creates her works by combining both media. Raw and recycled materials are the focus of her interest. Modeling and collaging digital data forms the basis for investigating how spatiality and plasticity can be represented on a two-dimensional surface.<\/p>\t\t\t\t\t\t\t\t<\/div>\n\t\t\t\t<\/div>\n\t\t\t\t<div class=\"elementor-element elementor-element-b5f3a2b elementor-widget elementor-widget-text-editor\" data-id=\"b5f3a2b\" data-element_type=\"widget\" data-e-type=\"widget\" data-widget_type=\"text-editor.default\">\n\t\t\t\t<div class=\"elementor-widget-container\">\n\t\t\t\t\t\t\t\t\t<div class=\"elementor-element elementor-element-b5f3a2b elementor-widget elementor-widget-text-editor\" data-id=\"b5f3a2b\" data-element_type=\"widget\" data-widget_type=\"text-editor.default\"><div class=\"elementor-widget-container\"><p><strong>Study of media art,\u00a0 photography &amp; scenography<\/strong><br \/>Karlsruhe, University of Art and Design (HfG)<\/p><p>Lois Renner,\u00a0 Mischa Kuball, Christopher Muller, Michael Simon, Johannes Milla<\/p><p>\u00a0<\/p><p><strong>Study of sculpture<\/strong><br \/>State Academy of Fine Arts, Stuttgart (ABK), Werner Pokorny, Micha Ullman<\/p><\/div><\/div>\t\t\t\t\t\t\t\t<\/div>\n\t\t\t\t<\/div>\n\t\t\t\t<div class=\"elementor-element elementor-element-406af97 elementor-widget elementor-widget-text-editor\" data-id=\"406af97\" data-element_type=\"widget\" data-e-type=\"widget\" data-widget_type=\"text-editor.default\">\n\t\t\t\t<div class=\"elementor-widget-container\">\n\t\t\t\t\t\t\t\t\t<p><strong>Prizes and scholarships<\/strong><\/p><p>2026\u00a0 \u00a0 \u00a0Nomination for Georg Koppmann Price for Hamburg City Photography<\/p><p>2025\u00a0 \u00a0 \u00a0Scholarhip for photography, Britta Bihlmaier Foundation, Stuttgart<\/p><p>2024\u00a0\u00a0\u00a0\u00a0 Nomination for the Emerging Photographer<\/p><p>\u00a0 \u00a0 \u00a0 \u00a0 \u00a0 \u00a0 \u00a0 \u00a0Award, German Society for Photography (DGPh)<br \/>2023\u00a0\u00a0\u00a0\u00a0 Catalogue Funding, Stiftung Kunstfonds<br \/>2022\u00a0\u00a0\u00a0\u00a0 Art Award of the City of Weissenburg, 1st place<br \/>2021\u00a0\u00a0\u00a0\u00a0\u00a0 Publication Fund, Saving Banks Foundation,<\/p><p>\u00a0 \u00a0 \u00a0 \u00a0 \u00a0 \u00a0 \u00a0 \u00a0Su\u0308dliche Weinsta\u00dfe<br \/>2021\u00a0\u00a0\u00a0\u00a0\u00a0 Project scholarship I &amp; II, Ministry of Science and<\/p><p>\u00a0 \u00a0 \u00a0 \u00a0 \u00a0 \u00a0 \u00a0 \u00a0the Arts, Baden-W\u00fcrttemberg<br \/>2021\u00a0\u00a0\u00a0\u00a0\u00a0 Neustart Kultur, Ministry of State for Culture<\/p><p>\u00a0 \u00a0 \u00a0 \u00a0 \u00a0 \u00a0 \u00a0 and the Media of the Federal Government<br \/>2018\u00a0\u00a0\u00a0\u00a0\u00a0 Nomination for the Felix Schoeller Photo Award,<\/p><p>\u00a0 \u00a0 \u00a0 \u00a0 \u00a0 \u00a0 \u00a0 Categorie \u201eFree Work\u201c<br \/>2016\u00a0\u00a0\u00a0\u00a0\u00a0 Photography competition of the City of Kehl,<\/p><p>\u00a0 \u00a0 \u00a0 \u00a0 \u00a0 \u00a0 \u00a0 1st place<br \/>2006\u00a0\u00a0\u00a0\u00a0 Rotary Art Prize, Fondation Entente Franco-<\/p><p>\u00a0 \u00a0 \u00a0 \u00a0 \u00a0 \u00a0 \u00a0 Allemande, Strasbourg<br \/>2006\u00a0\u00a0\u00a0\u00a0 Pamina Artprice of the City of Ettlingen, 1st place<br \/>2005\u00a0\u00a0\u00a0\u00a0 Photo Epson Award, Epson Germany<br \/>1999\u00a0\u00a0\u00a0\u00a0\u00a0 Heinrich-Hertz Scholarship of the<\/p><p>\u00a0 \u00a0 \u00a0 \u00a0 \u00a0 \u00a0 \u00a0 University of Karlsruhe<\/p>\t\t\t\t\t\t\t\t<\/div>\n\t\t\t\t<\/div>\n\t\t\t\t<div class=\"elementor-element elementor-element-6b5f0f2 elementor-widget elementor-widget-text-editor\" data-id=\"6b5f0f2\" data-element_type=\"widget\" data-e-type=\"widget\" data-widget_type=\"text-editor.default\">\n\t\t\t\t<div class=\"elementor-widget-container\">\n\t\t\t\t\t\t\t\t\t<p><strong>Artist in Residence\/ national and international<\/strong><\/p><p>2023\u00a0\u00a0\u00a0\u00a0 Artist in Residence, Salzamt Linz,<\/p><p>\u00a0 \u00a0 \u00a0 \u00a0 \u00a0 \u00a0 \u00a0 die KUNSTSammlung\u00a0 Ober\u00f6sterreich (AT)<br \/>2022\u00a0\u00a0\u00a0\u00a0 Artist in Residence, Bartels Fondation, Basel (CH)<br \/>2021\u00a0 \u00a0 \u00a0 AIR _ Artist in Residence, Kunstmeile Krems,\u00a0 \u00a0 \u00a0 \u00a0 \u00a0 \u00a0 \u00a0 \u00a0 \u00a0 \u00a0 \u00a0 \u00a0<\/p><p>\u00a0 \u00a0 \u00a0 \u00a0 \u00a0 \u00a0 \u00a0 Nieder\u00f6sterreich (AT)<br \/>2021\u00a0\u00a0\u00a0\u00a0 Artist in Residence, Dornach Monastery (CH)<br \/>2020\u00a0\u00a0\u00a0 Residency scholarship from the State of\u00a0 \u00a0 \u00a0 \u00a0 \u00a0 \u00a0 \u00a0 \u00a0 \u00a0 \u00a0 \u00a0 \u00a0 \u00a0 \u00a0 \u00a0 \u00a0<\/p><p>\u00a0 \u00a0 \u00a0 \u00a0 \u00a0 \u00a0 \u00a0 Rhineland-Palatinate for Culture,<\/p><p>\u00a0 \u00a0 \u00a0 \u00a0 \u00a0 \u00a0 \u00a0 Ku\u0308nstlerhaus Edenkoben<br \/>1998 \u2013 2000 Artist in Residence, Chapungu Sculpture\u00a0 \u00a0 \u00a0 \u00a0 \u00a0 \u00a0 \u00a0 \u00a0 \u00a0 \u00a0 \u00a0<\/p><p>\u00a0 \u00a0 \u00a0 \u00a0 \u00a0 \u00a0 \u00a0Garden, Harare\u00a0 (ZW)<\/p>\t\t\t\t\t\t\t\t<\/div>\n\t\t\t\t<\/div>\n\t\t\t\t<div class=\"elementor-element elementor-element-78ad255 elementor-widget elementor-widget-text-editor\" data-id=\"78ad255\" data-element_type=\"widget\" data-e-type=\"widget\" data-widget_type=\"text-editor.default\">\n\t\t\t\t<div class=\"elementor-widget-container\">\n\t\t\t\t\t\t\t\t\t<div class=\"elementor-element elementor-element-78ad255 elementor-widget elementor-widget-text-editor\" data-id=\"78ad255\" data-element_type=\"widget\" data-widget_type=\"text-editor.default\"><div class=\"elementor-widget-container\"><p><strong>Soloexhibiton<\/strong><\/p><p>2026\u00a0 \u00a0 Art in public space, Port Autonome Strasbourg (PAS)<\/p><p>2025\u00a0\u00a0\u00a0 Kehler Berge_Photography in Public Space,<\/p><p>\u00a0 \u00a0 \u00a0 \u00a0 \u00a0 \u00a0 \u00a0 City of Kehl <br \/>2024\u00a0\u00a0\u00a0 Kunsthalle Krems, Kremser Berge; (AT)<br \/>2023\u00a0\u00a0\u00a0 German Photographic Academy (DFA), Portfolio<\/p><p>\u00a0 \u00a0 \u00a0 \u00a0 \u00a0 \u00a0 \u00a0 presentation, Zeughaus Mannheim<br \/>2023\u00a0\u00a0\u00a0 Rencontres Photographiques de Boulogne-\u00a0 \u00a0 \u00a0 \u00a0 \u00a0 \u00a0 \u00a0 \u00a0 \u00a0 \u00a0 \u00a0 \u00a0 \u00a0<\/p><p>\u00a0 \u00a0 \u00a0 \u00a0 \u00a0 \u00a0 \u00a0 Billancourt, Portfolio presentation, Paris<br \/>2021\u00a0 \u00a0 \u00a0Art Association Baden, Wien, transform; (AT)<br \/>2021\u00a0 \u00a0 \u00a0Ludwig Museum Koblenz, GAWINA (Cat.)<br \/>2016\u00a0 \u00a0 \u00a0Photography competition, 1st Place (Cat.)<br \/>2004\u00a0 \u00a0 Center for Art and Media (ZKM) Karlsruhe,<\/p><p>\u00a0 \u00a0 \u00a0 \u00a0 \u00a0 \u00a0 \u00a0 Istanbul Crescendo; Interactive sound and media\u00a0 \u00a0 \u00a0 \u00a0 \u00a0 \u00a0 \u00a0 \u00a0<\/p><p>\u00a0 \u00a0 \u00a0 \u00a0 \u00a0 \u00a0 \u00a0 theatre play, together with Werner Cee,<\/p><p>\u00a0 \u00a0 \u00a0 \u00a0 \u00a0 \u00a0 \u00a0 (Hessischer Rundfunk)<\/p><\/div><\/div>\t\t\t\t\t\t\t\t<\/div>\n\t\t\t\t<\/div>\n\t\t\t\t<div class=\"elementor-element elementor-element-29bb73c elementor-widget elementor-widget-text-editor\" data-id=\"29bb73c\" data-element_type=\"widget\" data-e-type=\"widget\" data-widget_type=\"text-editor.default\">\n\t\t\t\t<div class=\"elementor-widget-container\">\n\t\t\t\t\t\t\t\t\t<div class=\"elementor-element elementor-element-29bb73c elementor-widget elementor-widget-text-editor\" data-id=\"29bb73c\" data-element_type=\"widget\" data-widget_type=\"text-editor.default\"><div class=\"elementor-widget-container\"><p><strong>Groupexhibitons<\/strong><\/p><p>2026\u00a0 \u00a0 \u00a0Rhineland-Palatinate Triennal, Trier<\/p><p>2025\u00a0\u00a0\u00a0\u00a0 Staatliche Kunsthalle, Baden-Baden,<\/p><p>\u00a0 \u00a0 \u00a0 \u00a0 \u00a0 \u00a0 \u00a0 Gleicher Ort \u2013\u00a0 andere Zeit<br \/>2025\u00a0\u00a0\u00a0\u00a0 f\u00b2 Fotofestival, Ku\u0308nstlerhaus Dortmund<\/p><p>2024\u00a0\u00a0\u00a0\u00a0 Staatsgalerie Stuttgart, Raum fu\u0308r Fotografie,\u00a0 \u00a0 \u00a0<\/p><p>2024\u00a0\u00a0\u00a0\u00a0 Pfalzgalerie Kaiserslautern, Pfalzpreis 2024<br \/>2024\u00a0\u00a0\u00a0\u00a0 Kunstverein Wesseling,<\/p><p>\u00a0 \u00a0 \u00a0 \u00a0 \u00a0 \u00a0 \u00a0 Artprize of the City of Wesseling<\/p><p>2022\u00a0\u00a0\u00a0\u00a0 St\u00e4dtische Galerie, Weil am Rhein, Mapping,<\/p><p>\u00a0 \u00a0 \u00a0 \u00a0 \u00a0 \u00a0 \u00a0 \u00a0Regionale 23<br \/>2022\u00a0\u00a0\u00a0\u00a0 Kunstschranne Wei\u00dfenburg, Kunstpreis, 1. Platz<br \/>2022\u00a0 \u00a0 \u00a0European Capital of Culture\u00a0Kaunas,<\/p><p>\u00a0 \u00a0 \u00a0 \u00a0 \u00a0 \u00a0 \u00a0 \u00a0former main post office\u00a0(LT)<\/p><p>2021\u00a0 \u00a0 \u00a0 Ostrale 21, Biennale for Contemporary Art, Dresden<\/p><p>2019\u00a0\u00a0\u00a0\u00a0 T66, Freiburg, Regionale 20<br \/>2019\u00a0\u00a0\u00a0\u00a0\u00a0 Ku\u0308nstlerhaus Karlsruhe, Postdigital, nationwide<\/p><p>\u00a0 \u00a0 \u00a0 \u00a0 \u00a0 \u00a0 \u00a0 exhibition of the Federal Association of<\/p><p>\u00a0 \u00a0 \u00a0 \u00a0 \u00a0 \u00a0 \u00a0 Visual Artists (BBK), (Cat.)<\/p><p>2018\u00a0 \u00a0 \u00a0 Darmst\u00e4dter Tage der Fotografie, Perspektiven (Cat.)<\/p><p>2015\u00a0\u00a0\u00a0\u00a0 CCI-Strasbourg, Collection Prix des Arts (F)<\/p><p>2013\u00a0\u00a0\u00a0\u00a0 Barth Gallery, New York, _zur form \u2013 (USA)<\/p><p>2012\u00a0\u00a0\u00a0\u00a0 Hanse Wissenschaftskolleg, Lehmkuhlenbusch\u00a0 \u00a0 \u00a0 \u00a0 \u00a0 \u00a0 \u00a0 \u00a0 \u00a0 \u00a0<\/p><p>\u00a0 \u00a0 \u00a0 \u00a0 \u00a0 \u00a0 \u00a0 Delmenhorst; _zur form<\/p><p>2011\u00a0\u00a0\u00a0\u00a0\u00a0 The Prague Contemporary Art Festival<\/p><p>\u00a0 \u00a0 \u00a0 \u00a0 \u00a0 \u00a0 \u00a0 TINA B. (Cat.);\u00a0 Exhibition series Prag (CZ),\u00a0 \u00a0 \u00a0 \u00a0 \u00a0 \u00a0 \u00a0 \u00a0 \u00a0 \u00a0 \u00a0 \u00a0 \u00a0 \u00a0 \u00a0<\/p><p>\u00a0 \u00a0 \u00a0 \u00a0 \u00a0 \u00a0 \u00a0 Vicenza (IT), Warschau (PL), Leipzig (GER)<br \/>2011\u00a0 \u00a0 \u00a0 Art and Science - New Media Make Sense<br \/>\u00a0 \u00a0 \u00a0 \u00a0 \u00a0 \u00a0 \u00a0 Ministry of Science and Art, Wiesbaden (Cat.)<\/p><p>2010\u00a0\u00a0\u00a0\u00a0 Projektraum Serexhe, Karlsruhe, 61qm<\/p><p>\u00a0 \u00a0 \u00a0 \u00a0 \u00a0 \u00a0 \u00a0 together with\u00a0 Wolf Gutjahr; <a href=\"https:\/\/wolfgutjahr.de\/\">https:\/\/wolfgutjahr.de\/<\/a><\/p><p>2009\u00a0\u00a0\u00a0 Convengo \u201eMathematica e Cultura 2009,<\/p><p>\u00a0 \u00a0 \u00a0 \u00a0 \u00a0 \u00a0 \u00a0 _zur form, Venedig, (IT)<\/p><p>2008\u00a0\u00a0\u00a0 Kibla, Zentrum fu\u0308r Medienkunst, Maribor,<\/p><p>\u00a0 \u00a0 \u00a0 \u00a0 \u00a0 \u00a0 \u00a0 Areas of Conflu(x)ence, with Florian Grond (SLO)<\/p><p>2007\u00a0 \u00a0 \u00a0Global Eyes Art Gallery, Siggraph,<\/p><p>\u00a0 \u00a0 \u00a0 \u00a0 \u00a0 \u00a0 \u00a0 San Diego (USA)<\/p><p>2006\u00a0\u00a0\u00a0 CCI, Saint-Louis, Ici et les autres, (FR)<br \/>2006\u00a0 \u00a0 CCI Strasbourg, Ici et les autres,<br \/>\u00a0\u00a0\u00a0\u00a0\u00a0\u00a0\u00a0\u00a0\u00a0\u00a0\u00a0\u00a0\u00a0 10e Concours du Prix des Arts du<\/p><p>\u00a0 \u00a0 \u00a0 \u00a0 \u00a0 \u00a0 \u00a0 Rotary Club, (FR)<\/p><p>2006\u00a0\u00a0\u00a0\u00a0 Goethe-Institut Rotterdam,<\/p><p>\u00a0 \u00a0 \u00a0 \u00a0 \u00a0 \u00a0 \u00a0 \u00a0Photography in the mirror of painting (NL)<br \/>2006\u00a0\u00a0\u00a0\u00a0 Fotobiennale Istanbul (TR)<\/p><p>2006\u00a0\u00a0\u00a0\u00a0 St\u00e4dtische Galerie Ettlingen,<\/p><p>\u00a0 \u00a0 \u00a0 \u00a0 \u00a0 \u00a0 \u00a0 \u00a0Pamina-Artprize, 1. Platz (Cat.)<br \/>2006\u00a0\u00a0\u00a0\u00a0 Art Cologne, Epson Art Photo Award, K\u00f6ln (Cat.)<\/p><p>2004\u00a0\u00a0\u00a0\u00a0 Galerie des Beaux Arts, L\u00e0, c\u2019 est partout,<\/p><p>\u00a0 \u00a0 \u00a0 \u00a0 \u00a0 \u00a0 \u00a0 \u00a0Rouen (FR)<br \/>2004\u00a0\u00a0\u00a0\u00a0 Galerie der Stadt Backnang, Lois Renner und die\u00a0 \u00a0 \u00a0 \u00a0 \u00a0 \u00a0 \u00a0 \u00a0 \u00a0<\/p><p>\u00a0 \u00a0 \u00a0 \u00a0 \u00a0 \u00a0 \u00a0 Hochschule fu\u0308r Gestaltung, (Cat.)<br \/>2004\u00a0\u00a0\u00a0\u00a0 Museum Ettlingen, Absolventinnen<\/p><p>\u00a0 \u00a0 \u00a0 \u00a0 \u00a0 \u00a0 \u00a0 \u00a0der HfG Karlsruhe,\u00a0<br \/>2004\u00a0\u00a0\u00a0\u00a0 Kunststiftung Baden-Wu\u0308rttemberg<\/p><p>\u00a0 \u00a0 \u00a0 \u00a0 \u00a0 \u00a0 \u00a0 \u00a0Lokaltermin, Stuttgart<br \/>2004\u00a0\u00a0\u00a0\u00a0 Kunstverein Viernheim, \u201efuenf\u201c<br \/>2004\u00a0\u00a0\u00a0\u00a0 Galerie fu\u0308r zeitgen\u00f6ssische Kunst_Raum2,<br \/>\u00a0 \u00a0 \u00a0 \u00a0 \u00a0 \u00a0 \u00a0 \u00a0Ku\u0308nstlerische Fotografie, Mannheim<br \/>2004\u00a0\u00a0\u00a0\u00a0 St\u00e4dtische Galerie Ettlingen,<\/p><p>\u00a0 \u00a0 \u00a0 \u00a0 \u00a0 \u00a0 \u00a0 \u00a0Zeitgen\u00f6ssische Darstellung von<br \/>\u00a0 \u00a0 \u00a0 \u00a0 \u00a0 \u00a0 \u00a0 \u00a0Landschaft in Fotografie und Malerei (Cat.)<\/p><p>2003\u00a0 \u00a0 \u00a0Orgelfabrik Durlach, minutes only, Performance<br \/>2003\u00a0 \u00a0 \u00a0Zentrum fu\u0308r angewandte Kunstwissenschaft<\/p><p>\u00a0 \u00a0 \u00a0 \u00a0 \u00a0 \u00a0 \u00a0 \u00a0(ZAK), Karlsruhe<\/p><p>2001\u00a0\u00a0\u00a0\u00a0 Galerie im Kornhauskeller, \u2026 und tschu\u0308ss!, Ulm<\/p><p>2001\u00a0\u00a0\u00a0\u00a0 Hauptbahnhof Stuttgart, Expressgut, Exhibition\u00a0 \u00a0 \u00a0 \u00a0 \u00a0 \u00a0 \u00a0 \u00a0 \u00a0<\/p><p>\u00a0 \u00a0 \u00a0 \u00a0 \u00a0 \u00a0 \u00a0 of the\u00a0 students of the Academy of Fine Arts\u00a0 \u00a0 \u00a0 \u00a0 \u00a0 \u00a0 \u00a0 \u00a0 \u00a0 \u00a0 \u00a0 \u00a0<\/p><p>\u00a0 \u00a0 \u00a0 \u00a0 \u00a0 \u00a0 \u00a0 Stuttgart, Klasse Micha Ullman<\/p><p>2000\u00a0 \u00a0 Kunstverein Baden-Baden, Kunst im Knast (Cat.)<\/p><p>1998\u00a0\u00a0\u00a0\u00a0\u00a0 National Gallery Harare, Sculpture and<\/p><p>\u00a0 \u00a0 \u00a0 \u00a0 \u00a0 \u00a0 \u00a0 \u00a0photography, (ZW)<\/p><\/div><\/div>\t\t\t\t\t\t\t\t<\/div>\n\t\t\t\t<\/div>\n\t\t\t\t<\/div>\n\t\t\t\t\t<\/div>\n\t\t\t\t<\/div>\n\t\t\t\t<\/div>\n\t\t","protected":false},"excerpt":{"rendered":"<p>Gabriele Engelhardt vit \u00e0 Karlsruhe et travaille sur les sites de ses projets artistiques changeants. Sculpteur et photographe, elle cr\u00e9e ses \u0153uvres en combinant les deux m\u00e9dias. Les mati\u00e8res premi\u00e8res et les mat\u00e9riaux recycl\u00e9s sont au c\u0153ur de ses pr\u00e9occupations. La mod\u00e9lisation et le collage de donn\u00e9es num\u00e9riques constituent la base de son exploration de [&hellip;]<\/p>\n","protected":false},"author":1,"featured_media":0,"parent":0,"menu_order":0,"comment_status":"closed","ping_status":"closed","template":"elementor_canvas","meta":{"footnotes":""},"class_list":["post-3990","page","type-page","status-publish","hentry"],"_links":{"self":[{"href":"https:\/\/www.gabriele-engelhardt.com\/fr\/wp-json\/wp\/v2\/pages\/3990","targetHints":{"allow":["GET"]}}],"collection":[{"href":"https:\/\/www.gabriele-engelhardt.com\/fr\/wp-json\/wp\/v2\/pages"}],"about":[{"href":"https:\/\/www.gabriele-engelhardt.com\/fr\/wp-json\/wp\/v2\/types\/page"}],"author":[{"embeddable":true,"href":"https:\/\/www.gabriele-engelhardt.com\/fr\/wp-json\/wp\/v2\/users\/1"}],"replies":[{"embeddable":true,"href":"https:\/\/www.gabriele-engelhardt.com\/fr\/wp-json\/wp\/v2\/comments?post=3990"}],"version-history":[{"count":76,"href":"https:\/\/www.gabriele-engelhardt.com\/fr\/wp-json\/wp\/v2\/pages\/3990\/revisions"}],"predecessor-version":[{"id":4675,"href":"https:\/\/www.gabriele-engelhardt.com\/fr\/wp-json\/wp\/v2\/pages\/3990\/revisions\/4675"}],"wp:attachment":[{"href":"https:\/\/www.gabriele-engelhardt.com\/fr\/wp-json\/wp\/v2\/media?parent=3990"}],"curies":[{"name":"wp","href":"https:\/\/api.w.org\/{rel}","templated":true}]}}