{"id":3955,"date":"2025-03-19T16:21:24","date_gmt":"2025-03-19T16:21:24","guid":{"rendered":"https:\/\/www.gabriele-engelhardt.com\/actualites"},"modified":"2026-02-24T11:59:23","modified_gmt":"2026-02-24T11:59:23","slug":"actualites","status":"publish","type":"page","link":"https:\/\/www.gabriele-engelhardt.com\/fr\/actualites","title":{"rendered":"Actualit\u00e9s"},"content":{"rendered":"\t\t<div data-elementor-type=\"wp-page\" data-elementor-id=\"3955\" class=\"elementor elementor-3955 elementor-2302\" data-elementor-post-type=\"page\">\n\t\t\t\t<div class=\"elementor-element elementor-element-dc0693e e-flex e-con-boxed e-con e-parent\" data-id=\"dc0693e\" data-element_type=\"container\" data-e-type=\"container\">\n\t\t\t\t\t<div class=\"e-con-inner\">\n\t\t<div class=\"elementor-element elementor-element-a986ac0 e-con-full e-flex e-con e-child\" data-id=\"a986ac0\" data-element_type=\"container\" data-e-type=\"container\">\n\t\t\t\t<div class=\"elementor-element elementor-element-bfe43be elementor-widget__width-initial elementor-widget-tablet__width-initial elementor-widget elementor-widget-text-editor\" data-id=\"bfe43be\" data-element_type=\"widget\" data-e-type=\"widget\" data-widget_type=\"text-editor.default\">\n\t\t\t\t<div class=\"elementor-widget-container\">\n\t\t\t\t\t\t\t\t\t<h3><strong>Nomination pour le prix Georg Koppmann de <\/strong><strong>photographie urbaine \u00e0 Hambourg<\/strong><\/h3><h3>\u00a0<\/h3><p><blockquote class=\"wp-embedded-content\" data-secret=\"J15eNpyW1j\"><a href=\"https:\/\/www.shmh.de\/stiftung\/georg-koppmann-preis-fuer-hamburger-stadtfotografie\/\">Georg Koppmann Preis f\u00fcr Hamburger Stadtfotografie<\/a><\/blockquote><iframe class=\"wp-embedded-content\" sandbox=\"allow-scripts\" security=\"restricted\" style=\"position: absolute; visibility: hidden;\" title=\"&#8222;Georg Koppmann Preis f\u00fcr Hamburger Stadtfotografie&#8220; &#8212; SHMH\" src=\"https:\/\/www.shmh.de\/stiftung\/georg-koppmann-preis-fuer-hamburger-stadtfotografie\/embed\/#?secret=iW1zMloXKs#?secret=J15eNpyW1j\" data-secret=\"J15eNpyW1j\" width=\"600\" height=\"338\" frameborder=\"0\" marginwidth=\"0\" marginheight=\"0\" scrolling=\"no\"><\/iframe><\/p>\t\t\t\t\t\t\t\t<\/div>\n\t\t\t\t<\/div>\n\t\t\t\t<\/div>\n\t\t<div class=\"elementor-element elementor-element-148357e e-con-full e-flex e-con e-child\" data-id=\"148357e\" data-element_type=\"container\" data-e-type=\"container\">\n\t\t\t\t<\/div>\n\t\t\t\t\t<\/div>\n\t\t\t\t<\/div>\n\t\t<div class=\"elementor-element elementor-element-b7bc826 e-flex e-con-boxed e-con e-parent\" data-id=\"b7bc826\" data-element_type=\"container\" data-e-type=\"container\">\n\t\t\t\t\t<div class=\"e-con-inner\">\n\t\t<div class=\"elementor-element elementor-element-6e94cbc e-con-full e-flex e-con e-child\" data-id=\"6e94cbc\" data-element_type=\"container\" data-e-type=\"container\">\n\t\t\t\t<div class=\"elementor-element elementor-element-dc8a6c8 elementor-widget__width-initial elementor-widget elementor-widget-text-editor\" data-id=\"dc8a6c8\" data-element_type=\"widget\" data-e-type=\"widget\" data-widget_type=\"text-editor.default\">\n\t\t\t\t<div class=\"elementor-widget-container\">\n\t\t\t\t\t\t\t\t\t<h3><strong>Triennale de Rh\u00e9nanie-Palatinat<\/strong><\/h3><h4>Mus\u00e9e europ\u00e9en d'art moderne de Tr\u00e8ves<\/h4><p>Ouverture 24.04.2026<\/p><p>24.04. -31.03.2026<\/p><p>\u00a0<\/p><p><a href=\"https:\/\/www.rheinland-pfalz-triennale.de\/artist\/gabriele-engelhardt\/\"><strong>https:\/\/www.rheinland-pfalz-triennale.de\/artist\/gabriele-engelhardt\/<\/strong><\/a><\/p>\t\t\t\t\t\t\t\t<\/div>\n\t\t\t\t<\/div>\n\t\t\t\t<\/div>\n\t\t\t\t\t<\/div>\n\t\t\t\t<\/div>\n\t\t<div class=\"elementor-element elementor-element-00ea2b4 e-con-full e-flex e-con e-parent\" data-id=\"00ea2b4\" data-element_type=\"container\" data-e-type=\"container\">\n\t\t<div class=\"elementor-element elementor-element-a5a1a8b e-con-full e-flex e-con e-child\" data-id=\"a5a1a8b\" data-element_type=\"container\" data-e-type=\"container\">\n\t\t\t\t<div class=\"elementor-element elementor-element-f6e6c18 elementor-widget__width-initial elementor-widget-tablet__width-initial elementor-widget elementor-widget-text-editor\" data-id=\"f6e6c18\" data-element_type=\"widget\" data-e-type=\"widget\" data-widget_type=\"text-editor.default\">\n\t\t\t\t<div class=\"elementor-widget-container\">\n\t\t\t\t\t\t\t\t\t<h3><strong>Photographie dans l'espace public -<\/strong><strong> Port Autonome Strasbourg (PAS)<\/strong><\/h3><h4>D\u00e9placer des montagnes - Kehler Berge (Soloexhibition)<\/h4><p>09\/2026 - Informations d\u00e9taill\u00e9es \u00e0 suivre<\/p>\t\t\t\t\t\t\t\t<\/div>\n\t\t\t\t<\/div>\n\t\t\t\t<\/div>\n\t\t\t\t<\/div>\n\t\t\t\t<\/div>\n\t\t","protected":false},"excerpt":{"rendered":"<p>Nomination pour le prix Georg Koppmann de photographie urbaine \u00e0 Hambourg \u00a0 Georg Koppmann Preis f\u00fcr Hamburger Stadtfotografie Triennale de Rh\u00e9nanie-Palatinat Mus\u00e9e europ\u00e9en d'art moderne de Tr\u00e8ves Ouverture 24.04.2026 24.04. -31.03.2026 \u00a0 https:\/\/www.rheinland-pfalz-triennale.de\/artist\/gabriele-engelhardt\/ Photographie dans l'espace public - Port Autonome Strasbourg (PAS) D\u00e9placer des montagnes - Kehler Berge (Soloexhibition) 09\/2026 - Informations d\u00e9taill\u00e9es \u00e0 suivre<\/p>\n","protected":false},"author":1,"featured_media":0,"parent":0,"menu_order":0,"comment_status":"closed","ping_status":"closed","template":"elementor_canvas","meta":{"footnotes":""},"class_list":["post-3955","page","type-page","status-publish","hentry"],"_links":{"self":[{"href":"https:\/\/www.gabriele-engelhardt.com\/fr\/wp-json\/wp\/v2\/pages\/3955","targetHints":{"allow":["GET"]}}],"collection":[{"href":"https:\/\/www.gabriele-engelhardt.com\/fr\/wp-json\/wp\/v2\/pages"}],"about":[{"href":"https:\/\/www.gabriele-engelhardt.com\/fr\/wp-json\/wp\/v2\/types\/page"}],"author":[{"embeddable":true,"href":"https:\/\/www.gabriele-engelhardt.com\/fr\/wp-json\/wp\/v2\/users\/1"}],"replies":[{"embeddable":true,"href":"https:\/\/www.gabriele-engelhardt.com\/fr\/wp-json\/wp\/v2\/comments?post=3955"}],"version-history":[{"count":24,"href":"https:\/\/www.gabriele-engelhardt.com\/fr\/wp-json\/wp\/v2\/pages\/3955\/revisions"}],"predecessor-version":[{"id":4669,"href":"https:\/\/www.gabriele-engelhardt.com\/fr\/wp-json\/wp\/v2\/pages\/3955\/revisions\/4669"}],"wp:attachment":[{"href":"https:\/\/www.gabriele-engelhardt.com\/fr\/wp-json\/wp\/v2\/media?parent=3955"}],"curies":[{"name":"wp","href":"https:\/\/api.w.org\/{rel}","templated":true}]}}